{"id":31,"date":"2009-03-27T16:24:00","date_gmt":"2009-03-27T15:24:00","guid":{"rendered":"http:\/\/www.textundwort.at\/?page_id=31"},"modified":"2014-02-20T14:09:22","modified_gmt":"2014-02-20T13:09:22","slug":"ulrike-willam-kinz","status":"publish","type":"page","link":"http:\/\/www.textundwort.at\/?page_id=31","title":{"rendered":"Ulrike Willam-Kinz"},"content":{"rendered":"<p><a href=\"http:\/\/www.textundwort.at\/?attachment_id=1582\" rel=\"attachment wp-att-1582\"><img loading=\"lazy\" class=\"alignright size-medium wp-image-1582\" title=\"ulrike kinz - Arbeitskopie 5\" src=\"http:\/\/www.textundwort.at\/wp-content\/uploads\/2009\/03\/ulrike-kinz-Arbeitskopie-5-255x249.jpg\" alt=\"\" width=\"255\" height=\"249\" srcset=\"http:\/\/www.textundwort.at\/wp-content\/uploads\/2009\/03\/ulrike-kinz-Arbeitskopie-5-255x249.jpg 255w, http:\/\/www.textundwort.at\/wp-content\/uploads\/2009\/03\/ulrike-kinz-Arbeitskopie-5-600x587.jpg 600w, http:\/\/www.textundwort.at\/wp-content\/uploads\/2009\/03\/ulrike-kinz-Arbeitskopie-5.jpg 676w\" sizes=\"(max-width: 255px) 100vw, 255px\" \/><\/a><\/p>\n<p>&nbsp;<\/p>\n<ul style=\"text-align: left;\">\n<li>Absolventin der Europa-Sekret\u00e4rinnen-Akademie<\/li>\n<li>Absolventin des Uni-Lehrgangs f\u00fcr \u00d6ffentlichkeits-<br \/>\narbeit an der Universit\u00e4t Wien\/Publizistik Institut<\/li>\n<li>Seit 1995 Inhaberin von Kinz Kommunikation<\/li>\n<li>Seit 1998 Vortragende und Trainerin f\u00fcr PR<br \/>\nund Text im Tourismus<\/li>\n<\/ul>\n<p style=\"text-align: left;\"><span style=\"font-size: medium;\"><span style=\"color: #cc0000;\"><strong>Qualifikation<\/strong><\/span><\/span><\/p>\n<ul style=\"text-align: left;\">\n<li>1999 \u2013 2001 Ausbildung zum NLP-Practitioner (\u00d6TZ)<\/li>\n<li>2000 Nachgraduierung zum \u201eMAS (Master for Advanced Studies) in Public Relations\u201c mit einer Master-Thesis \u00fcber Wording<\/li>\n<li>2001\/2002 Ausbildung zur Trainerin an der Schule des Sprechens, Wien<\/li>\n<li>Weiterbildung in den Bereichen Tourismusmarketing und Kommunikation (u.a. PR-Verband Austria, Bundesverband \u00f6sterreichischer TourismusmanagerInnen, Kuratorium f\u00fcr Journalistenausbildung)<\/li>\n<\/ul>\n<p style=\"text-align: left;\"><span style=\"font-size: medium;\"><span style=\"color: #cc0000;\"><strong>Themenspektrum<\/strong><\/span><\/span><\/p>\n<ul style=\"text-align: left;\">\n<li>Training und Coaching mit den Schwerpunkten Tourismus-PR, Tourismus-Texte und tourismusspezifische Themen wie \u201ePackages, die Sehnsucht wecken\u201c<\/li>\n<li>Text-Tuning f\u00fcr verschiedenste AuftraggeberInnen aus der Tourismusbranche<span style=\"color: #cc0000;\"><span style=\"color: #000000;\"><br \/>\n<\/span><\/span><\/li>\n<\/ul>\n","protected":false},"excerpt":{"rendered":"<p>&nbsp; Absolventin der Europa-Sekret\u00e4rinnen-Akademie Absolventin des Uni-Lehrgangs f\u00fcr \u00d6ffentlichkeits- arbeit an der Universit\u00e4t Wien\/Publizistik Institut Seit 1995 Inhaberin von Kinz Kommunikation Seit 1998 Vortragende und Trainerin f\u00fcr PR und Text im Tourismus Qualifikation 1999 \u2013 2001 Ausbildung zum NLP-Practitioner (\u00d6TZ) 2000 Nachgraduierung zum \u201eMAS (Master for Advanced Studies) in Public Relations\u201c mit einer Master-Thesis \u00fcber [&hellip;]<\/p>\n","protected":false},"author":1,"featured_media":0,"parent":6,"menu_order":2,"comment_status":"closed","ping_status":"closed","template":"","meta":[],"_links":{"self":[{"href":"http:\/\/www.textundwort.at\/index.php?rest_route=\/wp\/v2\/pages\/31"}],"collection":[{"href":"http:\/\/www.textundwort.at\/index.php?rest_route=\/wp\/v2\/pages"}],"about":[{"href":"http:\/\/www.textundwort.at\/index.php?rest_route=\/wp\/v2\/types\/page"}],"author":[{"embeddable":true,"href":"http:\/\/www.textundwort.at\/index.php?rest_route=\/wp\/v2\/users\/1"}],"replies":[{"embeddable":true,"href":"http:\/\/www.textundwort.at\/index.php?rest_route=%2Fwp%2Fv2%2Fcomments&post=31"}],"version-history":[{"count":30,"href":"http:\/\/www.textundwort.at\/index.php?rest_route=\/wp\/v2\/pages\/31\/revisions"}],"predecessor-version":[{"id":1583,"href":"http:\/\/www.textundwort.at\/index.php?rest_route=\/wp\/v2\/pages\/31\/revisions\/1583"}],"up":[{"embeddable":true,"href":"http:\/\/www.textundwort.at\/index.php?rest_route=\/wp\/v2\/pages\/6"}],"wp:attachment":[{"href":"http:\/\/www.textundwort.at\/index.php?rest_route=%2Fwp%2Fv2%2Fmedia&parent=31"}],"curies":[{"name":"wp","href":"https:\/\/api.w.org\/{rel}","templated":true}]}}